{"id":302,"date":"2015-02-07T07:47:39","date_gmt":"2015-02-07T07:47:39","guid":{"rendered":"http:\/\/dieter-steffen.de\/?page_id=302"},"modified":"2015-02-07T09:01:49","modified_gmt":"2015-02-07T09:01:49","slug":"60-jahre-szo","status":"publish","type":"page","link":"https:\/\/dieter-steffen.de\/?page_id=302","title":{"rendered":"60 Jahre SZO"},"content":{"rendered":"<div class=\"panel-grid\" id=\"pg-302-0\" ><div class=\"panel-grid-cell\" id=\"pgc-302-0-0\" ><div class=\"panel widget widget_black-studio-tinymce panel-first-child panel-last-child\" id=\"panel-302-0-0-0\"><div class=\"textwidget\"><p>Anl\u00e4sslich seines <strong>60-j\u00e4hrigen Jubil\u00e4ums<\/strong> hat das Saarl\u00e4ndische Zupforchester <strong>drei Produkte<\/strong> ver\u00f6ffentlicht, die die Leistungsf\u00e4higkeit und das hohe musikalische Niveau des Orchesters zum Ausdruck bringen:<\/p>\n<\/div><\/div><\/div><\/div><div class=\"panel-grid\" id=\"pg-302-1\" ><div class=\"panel-grid-cell\" id=\"pgc-302-1-0\" ><div class=\"panel widget widget_black-studio-tinymce panel-first-child panel-last-child\" id=\"panel-302-1-0-0\"><div class=\"textwidget\"><p><a href=\"http:\/\/dieter-steffen.de\/wp-content\/uploads\/2015\/02\/Stationen_Front_Cover.jpg\"><img loading=\"lazy\" decoding=\"async\" class=\"alignleft size-medium wp-image-306\" src=\"http:\/\/dieter-steffen.de\/wp-content\/uploads\/2015\/02\/Stationen_Front_Cover-298x300.jpg\" alt=\"Stationen_Front_Cover\" width=\"298\" height=\"300\" data-id=\"306\" srcset=\"https:\/\/dieter-steffen.de\/wp-content\/uploads\/2015\/02\/Stationen_Front_Cover-298x300.jpg 298w, https:\/\/dieter-steffen.de\/wp-content\/uploads\/2015\/02\/Stationen_Front_Cover-150x150.jpg 150w, https:\/\/dieter-steffen.de\/wp-content\/uploads\/2015\/02\/Stationen_Front_Cover-1017x1024.jpg 1017w, https:\/\/dieter-steffen.de\/wp-content\/uploads\/2015\/02\/Stationen_Front_Cover-1170x1178.jpg 1170w, https:\/\/dieter-steffen.de\/wp-content\/uploads\/2015\/02\/Stationen_Front_Cover-60x60.jpg 60w, https:\/\/dieter-steffen.de\/wp-content\/uploads\/2015\/02\/Stationen_Front_Cover.jpg 1484w\" sizes=\"auto, (max-width: 298px) 100vw, 298px\" \/><\/a><\/p>\n<\/div><\/div><\/div><div class=\"panel-grid-cell\" id=\"pgc-302-1-1\" ><div class=\"panel widget widget_black-studio-tinymce panel-first-child panel-last-child\" id=\"panel-302-1-1-0\"><div class=\"textwidget\"><p>&nbsp;<\/p>\n<p><strong>DVD - \"Stationen: Eine Dokumentation \u00fcber das Saarl\u00e4ndische Zupforchester\" von Dieter Steffen - 5 \u20ac<\/strong><\/p>\n<\/div><\/div><\/div><\/div><div class=\"panel-grid\" id=\"pg-302-2\" ><div class=\"panel-grid-cell\" id=\"pgc-302-2-0\" ><div class=\"panel widget widget_black-studio-tinymce panel-first-child panel-last-child\" id=\"panel-302-2-0-0\"><div class=\"textwidget\"><p><a href=\"http:\/\/dieter-steffen.de\/wp-content\/uploads\/2015\/02\/Facetten.jpg\"><img loading=\"lazy\" decoding=\"async\" class=\"alignleft size-medium wp-image-305\" src=\"http:\/\/dieter-steffen.de\/wp-content\/uploads\/2015\/02\/Facetten-300x300.jpg\" alt=\"Facetten\" width=\"300\" height=\"300\" data-id=\"305\" srcset=\"https:\/\/dieter-steffen.de\/wp-content\/uploads\/2015\/02\/Facetten-300x300.jpg 300w, https:\/\/dieter-steffen.de\/wp-content\/uploads\/2015\/02\/Facetten-150x150.jpg 150w, https:\/\/dieter-steffen.de\/wp-content\/uploads\/2015\/02\/Facetten-1024x1022.jpg 1024w, https:\/\/dieter-steffen.de\/wp-content\/uploads\/2015\/02\/Facetten-1170x1168.jpg 1170w, https:\/\/dieter-steffen.de\/wp-content\/uploads\/2015\/02\/Facetten-60x60.jpg 60w, https:\/\/dieter-steffen.de\/wp-content\/uploads\/2015\/02\/Facetten.jpg 1177w\" sizes=\"auto, (max-width: 300px) 100vw, 300px\" \/><\/a><\/p>\n<\/div><\/div><\/div><div class=\"panel-grid-cell\" id=\"pgc-302-2-1\" ><div class=\"panel widget widget_black-studio-tinymce panel-first-child panel-last-child\" id=\"panel-302-2-1-0\"><div class=\"textwidget\"><p>&nbsp;<\/p>\n<p><strong>CD - \"Facetten\" - 15 \u20ac<\/strong><\/p>\n<\/div><\/div><\/div><\/div><div class=\"panel-grid\" id=\"pg-302-3\" ><div class=\"panel-grid-cell\" id=\"pgc-302-3-0\" ><div class=\"panel widget widget_black-studio-tinymce panel-first-child panel-last-child\" id=\"panel-302-3-0-0\"><div class=\"textwidget\"><p><a href=\"http:\/\/dieter-steffen.de\/wp-content\/uploads\/2015\/02\/Chronik-KlingendeZeitreise.jpg\"><img loading=\"lazy\" decoding=\"async\" class=\"alignleft size-medium wp-image-304\" src=\"http:\/\/dieter-steffen.de\/wp-content\/uploads\/2015\/02\/Chronik-KlingendeZeitreise-300x300.jpg\" alt=\"Chronik-KlingendeZeitreise\" width=\"300\" height=\"300\" data-id=\"304\" srcset=\"https:\/\/dieter-steffen.de\/wp-content\/uploads\/2015\/02\/Chronik-KlingendeZeitreise-300x300.jpg 300w, https:\/\/dieter-steffen.de\/wp-content\/uploads\/2015\/02\/Chronik-KlingendeZeitreise-150x150.jpg 150w, https:\/\/dieter-steffen.de\/wp-content\/uploads\/2015\/02\/Chronik-KlingendeZeitreise-1024x1024.jpg 1024w, https:\/\/dieter-steffen.de\/wp-content\/uploads\/2015\/02\/Chronik-KlingendeZeitreise-1170x1170.jpg 1170w, https:\/\/dieter-steffen.de\/wp-content\/uploads\/2015\/02\/Chronik-KlingendeZeitreise-60x60.jpg 60w, https:\/\/dieter-steffen.de\/wp-content\/uploads\/2015\/02\/Chronik-KlingendeZeitreise.jpg 1240w\" sizes=\"auto, (max-width: 300px) 100vw, 300px\" \/><\/a><\/p>\n<\/div><\/div><\/div><div class=\"panel-grid-cell\" id=\"pgc-302-3-1\" ><div class=\"panel widget widget_black-studio-tinymce panel-first-child panel-last-child\" id=\"panel-302-3-1-0\"><div class=\"textwidget\"><p>&nbsp;<\/p>\n<p><strong>Chronik - \"Klingende Zeitreise\" von Edwin Mertes - 10 \u20ac<\/strong><\/p>\n<\/div><\/div><\/div><\/div><div class=\"panel-grid\" id=\"pg-302-4\" ><div class=\"panel-grid-cell\" id=\"pgc-302-4-0\" ><div class=\"panel widget widget_black-studio-tinymce panel-first-child panel-last-child\" id=\"panel-302-4-0-0\"><div class=\"textwidget\"><p>Alle <strong>drei Produkte<\/strong> kosten <strong>25 \u20ac<\/strong> und sind erh\u00e4ltlich bei:<\/p>\n<p><strong>Adi Meyer, Am Kastelberg 13, 66578 Schiffweiler, Tel: +49 68 21 \/ 9 64 45 75, Email:\u00a0<a href=\"mailto:buero@bzvs.de\">buero@bzvs.de<\/a><\/strong><\/p>\n<p><strong>Trailer zum Film<\/strong>: \"Stationen - Eine Dokumentation \u00fcber das Saarl\u00e4ndische Zupforchester\" von Dieter Steffen<\/p>\n<p><div class=\"videoplayer\" id=\"5\" ><div id=\"options\" style=\"display:none;\">{\"id\":5,\"name\":\"Player 5\",\"videos\":[{\"title\":\"Trailer Stationen\",\"youtubeID\":\"XIfjqcHJM8s\",\"videoAdShow\":\"videoAdShow\",\"videoAdGotoLink\":\"videoAdGotoLink\",\"mp4AD\":\"mp4AD\",\"description\":\"SZO\",\"thumbImg\":\"http:\\\/\\\/dieter-steffen.de\\\/wp-content\\\/uploads\\\/2015\\\/02\\\/Video_TrailerSZO_2014.jpg\",\"popupImg\":\"popupImg\",\"popupAdShow\":\"popupAdShow\",\"popupAdStartTime\":\"popupAdStartTime\",\"popupAdEndTime\":\"popupAdEndTime\",\"popupAdGoToLink\":\"popupAdGoToLink\",\"textAdShow\":\"textAdShow\",\"textAd\":\"textAd\",\"textAdStartTime\":\"textAdStartTime\",\"textAdEndTime\":\"textAdEndTime\",\"textAdGoToLink\":\"textAdGoToLink\"}],\"submit\":\"Save Changes\",\"videoPlayerWidth\":746,\"videoPlayerHeight\":420,\"responsive\":false,\"allowSkip\":false,\"videoPlayerShadow\":\"Effect1\",\"playlist\":\"Off\",\"skinPlaylist\":\"Minimal\",\"skinPlayer\":\"Default\",\"youtubeSkin\":\"dark\",\"youtubeColor\":\"red\",\"vimeoColor\":\"00adef\",\"youtubeShowRelatedVideos\":\"Yes\",\"onFinish\":\"Play next video\",\"autoplay\":false,\"loadRandomVideoOnStart\":false,\"playVideosRandomly\":false,\"posterImg\":\"\",\"rightClickMenu\":true,\"autohideControls\":4,\"fullscreen\":\"Fullscreen native\",\"nowPlayingText\":\"Yes\",\"shareShow\":\"Yes\",\"facebookLink\":\"\",\"twitterLink\":\"\",\"googleplusLink\":\"\",\"logoShow\":\"Yes\",\"logoPath\":\"\",\"logoPosition\":\"bottom-right\",\"logoClickable\":\"Yes\",\"logoGoToLink\":\"\",\"embedShow\":\"Yes\",\"embedCodeSrc\":\"http:\\\/\\\/yourwebsite.com\\\/player\\\/deploy\\\/index.html\",\"embedCodeW\":746,\"embedCodeH\":420,\"videoType\":\"youtube\",\"rootFolder\":\"https:\\\/\\\/dieter-steffen.de\\\/wp-content\\\/plugins\\\/ultimate-video-player\\\/\"}<\/div><\/div><\/p>\n<p><strong>H\u00f6rproben zur CD<\/strong> - \"Facetten\" finden sich unter anderem hier:<\/p>\n<p><a href=\"http:\/\/www.amazon.de\/Facetten-Saarl%C3%A4ndischen-Zupforchesters-Saarl%C3%A4ndisches-Zupforchester\/dp\/B00Q3OYWSS\" target=\"_blank\">http:\/\/www.amazon.de\/Facetten-Saarl%C3%A4ndischen-Zupforchesters-Saarl%C3%A4ndisches-Zupforchester\/dp\/B00Q3OYWSS<\/a><br \/>\n<a href=\"https:\/\/www.jpc.de\/jpcng\/classic\/detail\/-\/art\/facetten-des-saarlaendischen-zupforchesters\/hnum\/6548067\" target=\"_blank\">https:\/\/www.jpc.de\/jpcng\/classic\/detail\/-\/art\/facetten-des-saarlaendischen-zupforchesters\/hnum\/6548067<\/a><br \/>\n<a href=\"http:\/\/www.musicline.de\/de\/product\/4260029190656\/Saarl%25e4ndisches+Zupforchester%A5%A5Thiel%A5G%25e4rtner\/Facetten+des+Saarl%25e4ndischen+Zupforchesters\/2928720\/CD.html\" target=\"_blank\">http:\/\/www.musicline.de\/de\/product\/4260029190656\/Saarl%25e4ndisches+Zupforchester%A5%A5Thiel%A5G%25e4rtner\/Facetten+des+Saarl%25e4ndischen+Zupforchesters\/2928720\/CD.html<\/a><br \/>\n<a href=\"http:\/\/shop.klassik.com\/cd\/details.cfm?hnum=6548067\" target=\"_blank\">http:\/\/shop.klassik.com\/cd\/details.cfm?hnum=6548067<\/a><\/p>\n<p>Eine <strong>Leseprobe zu der Chronik<\/strong> - \"Klingende Zeitreise\" von Edwin Mertes gibt es hier:<\/p>\n<p><a href=\"http:\/\/dieter-steffen.de\/wp-content\/uploads\/2015\/02\/Chronik-Auszug1.pdf\">Chronik-Auszug<\/a><\/p>\n<p><strong>Weitere Information<\/strong> zum Saarl\u00e4ndischen Zupforchester findet man auf der Homepage vom SZO:<\/p>\n<p><a href=\"http:\/\/www.szo-online.de\/szo\/\" target=\"_blank\">http:\/\/www.szo-online.de\/szo\/<\/a><\/p>\n<p>&nbsp;<\/p>\n<\/div><\/div><\/div><\/div>","protected":false},"excerpt":{"rendered":"<p>Anl\u00e4sslich seines 60-j\u00e4hrigen Jubil\u00e4ums hat das Saarl\u00e4ndische Zupforchester drei Produkte ver\u00f6ffentlicht, die die Leistungsf\u00e4higkeit und das hohe musikalische Niveau des Orchesters zum Ausdruck bringen: &nbsp; DVD &#8211; &#8222;Stationen: Eine Dokumentation \u00fcber das Saarl\u00e4ndische Zupforchester&#8220; von Dieter Steffen &#8211; 5 \u20ac&#8230;<br \/><a class=\"read-more-button\" href=\"https:\/\/dieter-steffen.de\/?page_id=302\">Read more<\/a><\/p>\n","protected":false},"author":2,"featured_media":0,"parent":0,"menu_order":0,"comment_status":"open","ping_status":"open","template":"","meta":{"footnotes":""},"class_list":["post-302","page","type-page","status-publish","hentry"],"_links":{"self":[{"href":"https:\/\/dieter-steffen.de\/index.php?rest_route=\/wp\/v2\/pages\/302","targetHints":{"allow":["GET"]}}],"collection":[{"href":"https:\/\/dieter-steffen.de\/index.php?rest_route=\/wp\/v2\/pages"}],"about":[{"href":"https:\/\/dieter-steffen.de\/index.php?rest_route=\/wp\/v2\/types\/page"}],"author":[{"embeddable":true,"href":"https:\/\/dieter-steffen.de\/index.php?rest_route=\/wp\/v2\/users\/2"}],"replies":[{"embeddable":true,"href":"https:\/\/dieter-steffen.de\/index.php?rest_route=%2Fwp%2Fv2%2Fcomments&post=302"}],"version-history":[{"count":24,"href":"https:\/\/dieter-steffen.de\/index.php?rest_route=\/wp\/v2\/pages\/302\/revisions"}],"predecessor-version":[{"id":332,"href":"https:\/\/dieter-steffen.de\/index.php?rest_route=\/wp\/v2\/pages\/302\/revisions\/332"}],"wp:attachment":[{"href":"https:\/\/dieter-steffen.de\/index.php?rest_route=%2Fwp%2Fv2%2Fmedia&parent=302"}],"curies":[{"name":"wp","href":"https:\/\/api.w.org\/{rel}","templated":true}]}}